{"id":74,"date":"2023-03-05T12:37:25","date_gmt":"2023-03-05T11:37:25","guid":{"rendered":"http:\/\/sandervanhelvoort.com\/?post_type=tribe_events&#038;p=74"},"modified":"2023-03-15T13:53:31","modified_gmt":"2023-03-15T12:53:31","slug":"konst-pa-vag-2020-gotby","status":"publish","type":"tribe_events","link":"https:\/\/sandervanhelvoort.com\/?tribe_events=konst-pa-vag-2020-gotby","title":{"rendered":"Konst p\u00e5 v\u00e4g 2023 G\u00f6tby -Sweden"},"content":{"rendered":"<p>Bring your best self and join me at the Konst p\u00e5 v\u00e4g (2023) G\u00f6tby &#8211; Sweden!<\/p>\n<p>7-10th of April 2023<\/p>\n<p>You are most welcome!<\/p>\n<p>Read more about KPV : www.kpv.nu<\/p>\n<p>V\u00e4lkommen!<\/p>\n<p><img loading=\"lazy\" decoding=\"async\" class=\" wp-image-208 alignnone\" src=\"http:\/\/sandervanhelvoort.com\/wp-content\/uploads\/2022\/09\/SanderArtWork-199x300.jpg\" alt=\"\" width=\"206\" height=\"311\" srcset=\"https:\/\/sandervanhelvoort.com\/wp-content\/uploads\/2022\/09\/SanderArtWork-199x300.jpg 199w, https:\/\/sandervanhelvoort.com\/wp-content\/uploads\/2022\/09\/SanderArtWork-scaled-300x452.jpg 300w, https:\/\/sandervanhelvoort.com\/wp-content\/uploads\/2022\/09\/SanderArtWork-scaled-600x904.jpg 600w, https:\/\/sandervanhelvoort.com\/wp-content\/uploads\/2022\/09\/SanderArtWork-680x1024.jpg 680w, https:\/\/sandervanhelvoort.com\/wp-content\/uploads\/2022\/09\/SanderArtWork-768x1157.jpg 768w, https:\/\/sandervanhelvoort.com\/wp-content\/uploads\/2022\/09\/SanderArtWork-1019x1536.jpg 1019w, https:\/\/sandervanhelvoort.com\/wp-content\/uploads\/2022\/09\/SanderArtWork-1359x2048.jpg 1359w, https:\/\/sandervanhelvoort.com\/wp-content\/uploads\/2022\/09\/SanderArtWork-scaled.jpg 1699w\" sizes=\"auto, (max-width: 206px) 100vw, 206px\" \/>\u00a0 \u00a0<img loading=\"lazy\" decoding=\"async\" class=\" wp-image-94\" src=\"http:\/\/sandervanhelvoort.com\/wp-content\/uploads\/2019\/12\/PSX_20191218_021219-232x300.jpg\" alt=\"Sander van Helvoort Copyright \u00a9 2019\" width=\"246\" height=\"318\" srcset=\"https:\/\/sandervanhelvoort.com\/wp-content\/uploads\/2019\/12\/PSX_20191218_021219-232x300.jpg 232w, https:\/\/sandervanhelvoort.com\/wp-content\/uploads\/2019\/12\/PSX_20191218_021219-scaled-300x388.jpg 300w, https:\/\/sandervanhelvoort.com\/wp-content\/uploads\/2019\/12\/PSX_20191218_021219-scaled-600x777.jpg 600w, https:\/\/sandervanhelvoort.com\/wp-content\/uploads\/2019\/12\/PSX_20191218_021219-791x1024.jpg 791w, https:\/\/sandervanhelvoort.com\/wp-content\/uploads\/2019\/12\/PSX_20191218_021219-768x995.jpg 768w, https:\/\/sandervanhelvoort.com\/wp-content\/uploads\/2019\/12\/PSX_20191218_021219-1186x1536.jpg 1186w, https:\/\/sandervanhelvoort.com\/wp-content\/uploads\/2019\/12\/PSX_20191218_021219-1582x2048.jpg 1582w, https:\/\/sandervanhelvoort.com\/wp-content\/uploads\/2019\/12\/PSX_20191218_021219-scaled.jpg 1977w\" sizes=\"auto, (max-width: 246px) 100vw, 246px\" \/><img loading=\"lazy\" decoding=\"async\" class=\"alignnone  wp-image-182\" src=\"http:\/\/sandervanhelvoort.com\/wp-content\/uploads\/2022\/09\/KG-front-edited-300x300.jpg\" alt=\"\" width=\"310\" height=\"310\" srcset=\"https:\/\/sandervanhelvoort.com\/wp-content\/uploads\/2022\/09\/KG-front-edited-300x300.jpg 300w, https:\/\/sandervanhelvoort.com\/wp-content\/uploads\/2022\/09\/KG-front-edited-scaled-100x100.jpg 100w, https:\/\/sandervanhelvoort.com\/wp-content\/uploads\/2022\/09\/KG-front-edited-scaled-600x600.jpg 600w, https:\/\/sandervanhelvoort.com\/wp-content\/uploads\/2022\/09\/KG-front-edited-1024x1024.jpg 1024w, https:\/\/sandervanhelvoort.com\/wp-content\/uploads\/2022\/09\/KG-front-edited-150x150.jpg 150w, https:\/\/sandervanhelvoort.com\/wp-content\/uploads\/2022\/09\/KG-front-edited-768x768.jpg 768w, https:\/\/sandervanhelvoort.com\/wp-content\/uploads\/2022\/09\/KG-front-edited-1536x1536.jpg 1536w, https:\/\/sandervanhelvoort.com\/wp-content\/uploads\/2022\/09\/KG-front-edited-2048x2048.jpg 2048w\" sizes=\"auto, (max-width: 310px) 100vw, 310px\" \/> \u00a0<img loading=\"lazy\" decoding=\"async\" class=\" wp-image-95\" src=\"http:\/\/sandervanhelvoort.com\/wp-content\/uploads\/2019\/12\/PSX_20191218_021340-156x300.jpg\" alt=\"Sander van Helvoort Copyright \u00a9 2019\" width=\"164\" height=\"315\" srcset=\"https:\/\/sandervanhelvoort.com\/wp-content\/uploads\/2019\/12\/PSX_20191218_021340-156x300.jpg 156w, https:\/\/sandervanhelvoort.com\/wp-content\/uploads\/2019\/12\/PSX_20191218_021340-scaled-300x577.jpg 300w, https:\/\/sandervanhelvoort.com\/wp-content\/uploads\/2019\/12\/PSX_20191218_021340-scaled-600x1154.jpg 600w, https:\/\/sandervanhelvoort.com\/wp-content\/uploads\/2019\/12\/PSX_20191218_021340-532x1024.jpg 532w, https:\/\/sandervanhelvoort.com\/wp-content\/uploads\/2019\/12\/PSX_20191218_021340-768x1477.jpg 768w, https:\/\/sandervanhelvoort.com\/wp-content\/uploads\/2019\/12\/PSX_20191218_021340-798x1536.jpg 798w, https:\/\/sandervanhelvoort.com\/wp-content\/uploads\/2019\/12\/PSX_20191218_021340-1065x2048.jpg 1065w, https:\/\/sandervanhelvoort.com\/wp-content\/uploads\/2019\/12\/PSX_20191218_021340-scaled.jpg 1331w\" sizes=\"auto, (max-width: 164px) 100vw, 164px\" \/><\/p>\n<div class=\"mceTemp\"><\/div>\n","protected":false},"excerpt":{"rendered":"<p>Bring your best self and join me at the Konst p\u00e5 v\u00e4g (2023) G\u00f6tby &#8211; Sweden! 7-10th of April 2023 You are most welcome! Read more about KPV : www.kpv.nu [&hellip;]<\/p>\n","protected":false},"author":1,"featured_media":0,"comment_status":"open","ping_status":"closed","template":"","meta":{"_price":"","_stock":"","_tribe_ticket_header":"","_tribe_default_ticket_provider":"","_tribe_ticket_capacity":"0","_ticket_start_date":"","_ticket_end_date":"","_tribe_ticket_show_description":"","_tribe_ticket_show_not_going":false,"_tribe_ticket_use_global_stock":"","_tribe_ticket_global_stock_level":"","_global_stock_mode":"","_global_stock_cap":"","_tribe_rsvp_for_event":"","_tribe_ticket_going_count":"","_tribe_ticket_not_going_count":"","_tribe_tickets_list":"[]","_tribe_ticket_has_attendee_info_fields":false,"_tribe_events_status":"","_tribe_events_status_reason":"","footnotes":"","_tec_slr_enabled":"","_tec_slr_layout":""},"tags":[4,7,5,6,8],"tribe_events_cat":[],"class_list":["post-74","tribe_events","type-tribe_events","status-publish","hentry","tag-art","tag-gotby","tag-sander-van-helvoort","tag-sweden","tag-tierp"],"yoast_head":"<!-- This site is optimized with the Yoast SEO plugin v27.5 - https:\/\/yoast.com\/product\/yoast-seo-wordpress\/ -->\n<title>Konst p\u00e5 v\u00e4g 2023 G\u00f6tby -Sweden - Sander van Helvoort<\/title>\n<meta name=\"robots\" content=\"index, follow, max-snippet:-1, max-image-preview:large, max-video-preview:-1\" \/>\n<link rel=\"canonical\" href=\"http:\/\/sandervanhelvoort.com\/?tribe_events=konst-pa-vag-2020-gotby\" \/>\n<meta property=\"og:locale\" content=\"nl_NL\" \/>\n<meta property=\"og:type\" content=\"article\" \/>\n<meta property=\"og:title\" content=\"Konst p\u00e5 v\u00e4g 2023 G\u00f6tby -Sweden - Sander van Helvoort\" \/>\n<meta property=\"og:description\" content=\"Bring your best self and join me at the Konst p\u00e5 v\u00e4g (2023) G\u00f6tby &#8211; Sweden! 7-10th of April 2023 You are most welcome! Read more about KPV : www.kpv.nu [&hellip;]\" \/>\n<meta property=\"og:url\" content=\"http:\/\/sandervanhelvoort.com\/?tribe_events=konst-pa-vag-2020-gotby\" \/>\n<meta property=\"og:site_name\" content=\"Sander van Helvoort\" \/>\n<meta property=\"article:publisher\" content=\"https:\/\/www.facebook.com\/sander.vanhelvoort.5\" \/>\n<meta property=\"article:modified_time\" content=\"2023-03-15T12:53:31+00:00\" \/>\n<meta property=\"og:image\" content=\"http:\/\/sandervanhelvoort.com\/wp-content\/uploads\/2022\/09\/SanderArtWork-199x300.jpg\" \/>\n<meta name=\"twitter:card\" content=\"summary_large_image\" \/>\n<meta name=\"twitter:label1\" content=\"Geschatte leestijd\" \/>\n\t<meta name=\"twitter:data1\" content=\"1 minuut\" \/>\n<script type=\"application\/ld+json\" class=\"yoast-schema-graph\">{\"@context\":\"https:\\\/\\\/schema.org\",\"@graph\":[{\"@type\":\"WebPage\",\"@id\":\"http:\\\/\\\/sandervanhelvoort.com\\\/?tribe_events=konst-pa-vag-2020-gotby\",\"url\":\"http:\\\/\\\/sandervanhelvoort.com\\\/?tribe_events=konst-pa-vag-2020-gotby\",\"name\":\"Konst p\u00e5 v\u00e4g 2023 G\u00f6tby -Sweden - Sander van Helvoort\",\"isPartOf\":{\"@id\":\"https:\\\/\\\/sandervanhelvoort.com\\\/#website\"},\"primaryImageOfPage\":{\"@id\":\"http:\\\/\\\/sandervanhelvoort.com\\\/?tribe_events=konst-pa-vag-2020-gotby#primaryimage\"},\"image\":{\"@id\":\"http:\\\/\\\/sandervanhelvoort.com\\\/?tribe_events=konst-pa-vag-2020-gotby#primaryimage\"},\"thumbnailUrl\":\"http:\\\/\\\/sandervanhelvoort.com\\\/wp-content\\\/uploads\\\/2022\\\/09\\\/SanderArtWork-199x300.jpg\",\"datePublished\":\"2023-03-05T11:37:25+00:00\",\"dateModified\":\"2023-03-15T12:53:31+00:00\",\"breadcrumb\":{\"@id\":\"http:\\\/\\\/sandervanhelvoort.com\\\/?tribe_events=konst-pa-vag-2020-gotby#breadcrumb\"},\"inLanguage\":\"nl-NL\",\"potentialAction\":[{\"@type\":\"ReadAction\",\"target\":[\"http:\\\/\\\/sandervanhelvoort.com\\\/?tribe_events=konst-pa-vag-2020-gotby\"]}]},{\"@type\":\"ImageObject\",\"inLanguage\":\"nl-NL\",\"@id\":\"http:\\\/\\\/sandervanhelvoort.com\\\/?tribe_events=konst-pa-vag-2020-gotby#primaryimage\",\"url\":\"https:\\\/\\\/sandervanhelvoort.com\\\/wp-content\\\/uploads\\\/2022\\\/09\\\/SanderArtWork-scaled.jpg\",\"contentUrl\":\"https:\\\/\\\/sandervanhelvoort.com\\\/wp-content\\\/uploads\\\/2022\\\/09\\\/SanderArtWork-scaled.jpg\",\"width\":1699,\"height\":2560},{\"@type\":\"BreadcrumbList\",\"@id\":\"http:\\\/\\\/sandervanhelvoort.com\\\/?tribe_events=konst-pa-vag-2020-gotby#breadcrumb\",\"itemListElement\":[{\"@type\":\"ListItem\",\"position\":1,\"name\":\"Home\",\"item\":\"https:\\\/\\\/sandervanhelvoort.com\\\/\"},{\"@type\":\"ListItem\",\"position\":2,\"name\":\"Evenementen\",\"item\":\"http:\\\/\\\/sandervanhelvoort.com\\\/?post_type=tribe_events\"},{\"@type\":\"ListItem\",\"position\":3,\"name\":\"Konst p\u00e5 v\u00e4g 2023 G\u00f6tby -Sweden\"}]},{\"@type\":\"WebSite\",\"@id\":\"https:\\\/\\\/sandervanhelvoort.com\\\/#website\",\"url\":\"https:\\\/\\\/sandervanhelvoort.com\\\/\",\"name\":\"Sander van Helvoort\",\"description\":\"&quot;Painting Stories&quot;\",\"publisher\":{\"@id\":\"https:\\\/\\\/sandervanhelvoort.com\\\/#organization\"},\"potentialAction\":[{\"@type\":\"SearchAction\",\"target\":{\"@type\":\"EntryPoint\",\"urlTemplate\":\"https:\\\/\\\/sandervanhelvoort.com\\\/?s={search_term_string}\"},\"query-input\":{\"@type\":\"PropertyValueSpecification\",\"valueRequired\":true,\"valueName\":\"search_term_string\"}}],\"inLanguage\":\"nl-NL\"},{\"@type\":\"Organization\",\"@id\":\"https:\\\/\\\/sandervanhelvoort.com\\\/#organization\",\"name\":\"Sander van Helvoort\",\"url\":\"https:\\\/\\\/sandervanhelvoort.com\\\/\",\"logo\":{\"@type\":\"ImageObject\",\"inLanguage\":\"nl-NL\",\"@id\":\"https:\\\/\\\/sandervanhelvoort.com\\\/#\\\/schema\\\/logo\\\/image\\\/\",\"url\":\"http:\\\/\\\/sandervanhelvoort.com\\\/wp-content\\\/uploads\\\/2019\\\/12\\\/20170920-SVH_5827-01.jpeg\",\"contentUrl\":\"http:\\\/\\\/sandervanhelvoort.com\\\/wp-content\\\/uploads\\\/2019\\\/12\\\/20170920-SVH_5827-01.jpeg\",\"width\":1421,\"height\":2129,\"caption\":\"Sander van Helvoort\"},\"image\":{\"@id\":\"https:\\\/\\\/sandervanhelvoort.com\\\/#\\\/schema\\\/logo\\\/image\\\/\"},\"sameAs\":[\"https:\\\/\\\/www.facebook.com\\\/sander.vanhelvoort.5\",\"http:\\\/\\\/@svanhelvoort\"]}]}<\/script>\n<!-- \/ Yoast SEO plugin. -->","yoast_head_json":{"title":"Konst p\u00e5 v\u00e4g 2023 G\u00f6tby -Sweden - Sander van Helvoort","robots":{"index":"index","follow":"follow","max-snippet":"max-snippet:-1","max-image-preview":"max-image-preview:large","max-video-preview":"max-video-preview:-1"},"canonical":"http:\/\/sandervanhelvoort.com\/?tribe_events=konst-pa-vag-2020-gotby","og_locale":"nl_NL","og_type":"article","og_title":"Konst p\u00e5 v\u00e4g 2023 G\u00f6tby -Sweden - Sander van Helvoort","og_description":"Bring your best self and join me at the Konst p\u00e5 v\u00e4g (2023) G\u00f6tby &#8211; Sweden! 7-10th of April 2023 You are most welcome! Read more about KPV : www.kpv.nu [&hellip;]","og_url":"http:\/\/sandervanhelvoort.com\/?tribe_events=konst-pa-vag-2020-gotby","og_site_name":"Sander van Helvoort","article_publisher":"https:\/\/www.facebook.com\/sander.vanhelvoort.5","article_modified_time":"2023-03-15T12:53:31+00:00","og_image":[{"url":"http:\/\/sandervanhelvoort.com\/wp-content\/uploads\/2022\/09\/SanderArtWork-199x300.jpg","type":"","width":"","height":""}],"twitter_card":"summary_large_image","twitter_misc":{"Geschatte leestijd":"1 minuut"},"schema":{"@context":"https:\/\/schema.org","@graph":[{"@type":"WebPage","@id":"http:\/\/sandervanhelvoort.com\/?tribe_events=konst-pa-vag-2020-gotby","url":"http:\/\/sandervanhelvoort.com\/?tribe_events=konst-pa-vag-2020-gotby","name":"Konst p\u00e5 v\u00e4g 2023 G\u00f6tby -Sweden - Sander van Helvoort","isPartOf":{"@id":"https:\/\/sandervanhelvoort.com\/#website"},"primaryImageOfPage":{"@id":"http:\/\/sandervanhelvoort.com\/?tribe_events=konst-pa-vag-2020-gotby#primaryimage"},"image":{"@id":"http:\/\/sandervanhelvoort.com\/?tribe_events=konst-pa-vag-2020-gotby#primaryimage"},"thumbnailUrl":"http:\/\/sandervanhelvoort.com\/wp-content\/uploads\/2022\/09\/SanderArtWork-199x300.jpg","datePublished":"2023-03-05T11:37:25+00:00","dateModified":"2023-03-15T12:53:31+00:00","breadcrumb":{"@id":"http:\/\/sandervanhelvoort.com\/?tribe_events=konst-pa-vag-2020-gotby#breadcrumb"},"inLanguage":"nl-NL","potentialAction":[{"@type":"ReadAction","target":["http:\/\/sandervanhelvoort.com\/?tribe_events=konst-pa-vag-2020-gotby"]}]},{"@type":"ImageObject","inLanguage":"nl-NL","@id":"http:\/\/sandervanhelvoort.com\/?tribe_events=konst-pa-vag-2020-gotby#primaryimage","url":"https:\/\/sandervanhelvoort.com\/wp-content\/uploads\/2022\/09\/SanderArtWork-scaled.jpg","contentUrl":"https:\/\/sandervanhelvoort.com\/wp-content\/uploads\/2022\/09\/SanderArtWork-scaled.jpg","width":1699,"height":2560},{"@type":"BreadcrumbList","@id":"http:\/\/sandervanhelvoort.com\/?tribe_events=konst-pa-vag-2020-gotby#breadcrumb","itemListElement":[{"@type":"ListItem","position":1,"name":"Home","item":"https:\/\/sandervanhelvoort.com\/"},{"@type":"ListItem","position":2,"name":"Evenementen","item":"http:\/\/sandervanhelvoort.com\/?post_type=tribe_events"},{"@type":"ListItem","position":3,"name":"Konst p\u00e5 v\u00e4g 2023 G\u00f6tby -Sweden"}]},{"@type":"WebSite","@id":"https:\/\/sandervanhelvoort.com\/#website","url":"https:\/\/sandervanhelvoort.com\/","name":"Sander van Helvoort","description":"&quot;Painting Stories&quot;","publisher":{"@id":"https:\/\/sandervanhelvoort.com\/#organization"},"potentialAction":[{"@type":"SearchAction","target":{"@type":"EntryPoint","urlTemplate":"https:\/\/sandervanhelvoort.com\/?s={search_term_string}"},"query-input":{"@type":"PropertyValueSpecification","valueRequired":true,"valueName":"search_term_string"}}],"inLanguage":"nl-NL"},{"@type":"Organization","@id":"https:\/\/sandervanhelvoort.com\/#organization","name":"Sander van Helvoort","url":"https:\/\/sandervanhelvoort.com\/","logo":{"@type":"ImageObject","inLanguage":"nl-NL","@id":"https:\/\/sandervanhelvoort.com\/#\/schema\/logo\/image\/","url":"http:\/\/sandervanhelvoort.com\/wp-content\/uploads\/2019\/12\/20170920-SVH_5827-01.jpeg","contentUrl":"http:\/\/sandervanhelvoort.com\/wp-content\/uploads\/2019\/12\/20170920-SVH_5827-01.jpeg","width":1421,"height":2129,"caption":"Sander van Helvoort"},"image":{"@id":"https:\/\/sandervanhelvoort.com\/#\/schema\/logo\/image\/"},"sameAs":["https:\/\/www.facebook.com\/sander.vanhelvoort.5","http:\/\/@svanhelvoort"]}]}},"jetpack_sharing_enabled":true,"ticketed":false,"_links":{"self":[{"href":"https:\/\/sandervanhelvoort.com\/index.php?rest_route=\/wp\/v2\/tribe_events\/74","targetHints":{"allow":["GET"]}}],"collection":[{"href":"https:\/\/sandervanhelvoort.com\/index.php?rest_route=\/wp\/v2\/tribe_events"}],"about":[{"href":"https:\/\/sandervanhelvoort.com\/index.php?rest_route=\/wp\/v2\/types\/tribe_events"}],"author":[{"embeddable":true,"href":"https:\/\/sandervanhelvoort.com\/index.php?rest_route=\/wp\/v2\/users\/1"}],"replies":[{"embeddable":true,"href":"https:\/\/sandervanhelvoort.com\/index.php?rest_route=%2Fwp%2Fv2%2Fcomments&post=74"}],"version-history":[{"count":7,"href":"https:\/\/sandervanhelvoort.com\/index.php?rest_route=\/wp\/v2\/tribe_events\/74\/revisions"}],"predecessor-version":[{"id":227,"href":"https:\/\/sandervanhelvoort.com\/index.php?rest_route=\/wp\/v2\/tribe_events\/74\/revisions\/227"}],"wp:attachment":[{"href":"https:\/\/sandervanhelvoort.com\/index.php?rest_route=%2Fwp%2Fv2%2Fmedia&parent=74"}],"wp:term":[{"taxonomy":"post_tag","embeddable":true,"href":"https:\/\/sandervanhelvoort.com\/index.php?rest_route=%2Fwp%2Fv2%2Ftags&post=74"},{"taxonomy":"tribe_events_cat","embeddable":true,"href":"https:\/\/sandervanhelvoort.com\/index.php?rest_route=%2Fwp%2Fv2%2Ftribe_events_cat&post=74"}],"curies":[{"name":"wp","href":"https:\/\/api.w.org\/{rel}","templated":true}]}}